{"id":39760,"date":"2023-03-20T21:28:46","date_gmt":"2023-03-20T20:28:46","guid":{"rendered":"https:\/\/casa-sarda.it\/?page_id=39760"},"modified":"2023-04-16T09:01:36","modified_gmt":"2023-04-16T07:01:36","slug":"das-gebiet","status":"publish","type":"page","link":"https:\/\/casa-sarda.it\/?page_id=39760","title":{"rendered":"Das Gebiet"},"content":{"rendered":"\t\t<div data-elementor-type=\"wp-page\" data-elementor-id=\"39760\" class=\"elementor elementor-39760\">\n\t\t\t\t\t\t\t\t\t<section class=\"elementor-section elementor-top-section elementor-element elementor-element-6cadba9 elementor-section-boxed elementor-section-height-default elementor-section-height-default\" data-id=\"6cadba9\" data-element_type=\"section\">\n\t\t\t\t\t\t<div class=\"elementor-container elementor-column-gap-default\">\n\t\t\t\t\t<div class=\"elementor-column elementor-col-50 elementor-top-column elementor-element elementor-element-bc10af1\" data-id=\"bc10af1\" data-element_type=\"column\">\n\t\t\t<div class=\"elementor-widget-wrap elementor-element-populated\">\n\t\t\t\t\t\t\t\t<div class=\"elementor-element elementor-element-21a7801 elementor-widget elementor-widget-spacer\" data-id=\"21a7801\" data-element_type=\"widget\" data-widget_type=\"spacer.default\">\n\t\t\t\t<div class=\"elementor-widget-container\">\n\t\t\t<style>\/*! elementor - v3.11.3 - 07-03-2023 *\/\n.elementor-column .elementor-spacer-inner{height:var(--spacer-size)}.e-con{--container-widget-width:100%}.e-con-inner>.elementor-widget-spacer,.e-con>.elementor-widget-spacer{width:var(--container-widget-width,var(--spacer-size));--align-self:var(--container-widget-align-self,initial);--flex-shrink:0}.e-con-inner>.elementor-widget-spacer>.elementor-widget-container,.e-con-inner>.elementor-widget-spacer>.elementor-widget-container>.elementor-spacer,.e-con>.elementor-widget-spacer>.elementor-widget-container,.e-con>.elementor-widget-spacer>.elementor-widget-container>.elementor-spacer{height:100%}.e-con-inner>.elementor-widget-spacer>.elementor-widget-container>.elementor-spacer>.elementor-spacer-inner,.e-con>.elementor-widget-spacer>.elementor-widget-container>.elementor-spacer>.elementor-spacer-inner{height:var(--container-widget-height,var(--spacer-size))}<\/style>\t\t<div class=\"elementor-spacer\">\n\t\t\t<div class=\"elementor-spacer-inner\"><\/div>\n\t\t<\/div>\n\t\t\t\t<\/div>\n\t\t\t\t<\/div>\n\t\t\t\t<div class=\"elementor-element elementor-element-507f5a3 elementor-widget elementor-widget-text-editor\" data-id=\"507f5a3\" data-element_type=\"widget\" data-widget_type=\"text-editor.default\">\n\t\t\t\t<div class=\"elementor-widget-container\">\n\t\t\t<style>\/*! elementor - v3.11.3 - 07-03-2023 *\/\n.elementor-widget-text-editor.elementor-drop-cap-view-stacked .elementor-drop-cap{background-color:#818a91;color:#fff}.elementor-widget-text-editor.elementor-drop-cap-view-framed .elementor-drop-cap{color:#818a91;border:3px solid;background-color:transparent}.elementor-widget-text-editor:not(.elementor-drop-cap-view-default) .elementor-drop-cap{margin-top:8px}.elementor-widget-text-editor:not(.elementor-drop-cap-view-default) .elementor-drop-cap-letter{width:1em;height:1em}.elementor-widget-text-editor .elementor-drop-cap{float:left;text-align:center;line-height:1;font-size:50px}.elementor-widget-text-editor .elementor-drop-cap-letter{display:inline-block}<\/style>\t\t\t\t<div class=\"wpb_text_column wpb_content_element \"><div class=\"wpb_wrapper\"><h1>SULCIS IGLESIENTE GEBIET<\/h1><h1>ENTDECKEN SIE DEN UNBEKANNTEN S\u00dcD-WESTEN SARDINIENS<\/h1><\/div><\/div><div class=\"vc_row wpb_row vc_inner vc_row-fluid\" data-vc-full-width=\"true\" data-vc-full-width-init=\"true\"><div class=\"wpb_column vc_column_container vc_col-sm-6\"><div class=\"vc_column-inner \"><div class=\"wpb_wrapper\"><div class=\"wpb_text_column wpb_content_element \"><div class=\"wpb_wrapper\"><p class=\"p1\"><span class=\"s1\">Endlos lange weisse Sandstr\u00e4nde, hohe D\u00fcnen und bl\u00fchende Pinienw\u00e4lder wechseln sich ab mit imposanten Steilk\u00fcsten und urige Waldlandschaften und Oliveng\u00e4rten.<\/span><\/p><p class=\"p1\"><span class=\"s1\">Das Sulcis Iglesiente Gebiet ist noch wenig bekannt und ein idealer Mix f\u00fcr Individulaurlauber, die das urspr\u00fcngliche Sardinien suchen \u2013 sowie f\u00fcr Familien, die Wert auf Komfort legen und die M\u00f6glichkeit haben, einen Cocktail an der Strandbar oder auf der Sonnenliege zu geniessen.<\/span><\/p><p class=\"p1\"><span class=\"s1\">Die Str\u00e4nde des Sulcisgebietes bieten unerwartete Landschaften \u00e4hnlich der Sahara, wo schillernde Sandd\u00fcnen in kristallklarem Meer enden. Rundherum Lagunen, Flamingos und mediterrane Macchia, kleine Wellen und wei\u00dfe Muscheln. \u201cEine Meeresschau mit den sch\u00f6nsten Buchten des Mittelmeers\u201d. So definierte Jacques Cousteau die K\u00fcsten der Iglesiente. Kobalt- und smaragdgr\u00fcnes Wasser umgibt Buchten und lange Str\u00e4nde und bietet ein kontinuierliches und \u00fcberraschendes Schauspiel einer K\u00fcste, die je nach Sonneneinstrahlung immer anders erscheint. Die Inseln auf der Insel. Sant\u2019Antioco und San Pietro konzentrieren alle Essenzen und D\u00fcfte des Mittelmeers. Lange Wege f\u00fchren zu wei\u00dfen Str\u00e4nden, zu Lavagestein gegrabenen nat\u00fcrlich angelegten Pools,\u00a0 aus dem Meer ragende Felsen\u2026.die sogenannten \u201cFaraglioni\u201d, Salzwiesen und Thunfischen, die alte Traditionen bewahren.<\/span><\/p><\/div><\/div><\/div><\/div><\/div><\/div>\t\t\t\t\t\t<\/div>\n\t\t\t\t<\/div>\n\t\t\t\t\t<\/div>\n\t\t<\/div>\n\t\t\t\t<div class=\"elementor-column elementor-col-50 elementor-top-column elementor-element elementor-element-13a41d4\" data-id=\"13a41d4\" data-element_type=\"column\">\n\t\t\t<div class=\"elementor-widget-wrap elementor-element-populated\">\n\t\t\t\t\t\t\t\t<div class=\"elementor-element elementor-element-56538b3 elementor-widget elementor-widget-spacer\" data-id=\"56538b3\" data-element_type=\"widget\" data-widget_type=\"spacer.default\">\n\t\t\t\t<div class=\"elementor-widget-container\">\n\t\t\t\t\t<div class=\"elementor-spacer\">\n\t\t\t<div class=\"elementor-spacer-inner\"><\/div>\n\t\t<\/div>\n\t\t\t\t<\/div>\n\t\t\t\t<\/div>\n\t\t\t\t<div class=\"elementor-element elementor-element-4a755f4 elementor-invisible elementor-widget elementor-widget-image\" data-id=\"4a755f4\" data-element_type=\"widget\" data-settings=\"{&quot;_animation&quot;:&quot;fadeInRight&quot;}\" data-widget_type=\"image.default\">\n\t\t\t\t<div class=\"elementor-widget-container\">\n\t\t\t<style>\/*! elementor - v3.11.3 - 07-03-2023 *\/\n.elementor-widget-image{text-align:center}.elementor-widget-image a{display:inline-block}.elementor-widget-image a img[src$=\".svg\"]{width:48px}.elementor-widget-image img{vertical-align:middle;display:inline-block}<\/style>\t\t\t\t\t\t\t\t\t\t\t\t<img loading=\"lazy\" decoding=\"async\" width=\"900\" height=\"600\" src=\"https:\/\/casa-sarda.it\/wp-content\/uploads\/2023\/03\/Cala-Domestica.jpg\" class=\"attachment-large size-large wp-image-39762\" alt=\"\" srcset=\"https:\/\/casa-sarda.it\/wp-content\/uploads\/2023\/03\/Cala-Domestica.jpg 900w, https:\/\/casa-sarda.it\/wp-content\/uploads\/2023\/03\/Cala-Domestica-300x200.jpg 300w, https:\/\/casa-sarda.it\/wp-content\/uploads\/2023\/03\/Cala-Domestica-768x512.jpg 768w, https:\/\/casa-sarda.it\/wp-content\/uploads\/2023\/03\/Cala-Domestica-240x160.jpg 240w\" sizes=\"auto, (max-width: 900px) 100vw, 900px\" \/>\t\t\t\t\t\t\t\t\t\t\t\t\t\t\t<\/div>\n\t\t\t\t<\/div>\n\t\t\t\t<div class=\"elementor-element elementor-element-62ce83a elementor-invisible elementor-widget elementor-widget-image\" data-id=\"62ce83a\" data-element_type=\"widget\" data-settings=\"{&quot;_animation&quot;:&quot;fadeInRight&quot;}\" data-widget_type=\"image.default\">\n\t\t\t\t<div class=\"elementor-widget-container\">\n\t\t\t\t\t\t\t\t\t\t\t\t\t\t\t<img loading=\"lazy\" decoding=\"async\" width=\"1920\" height=\"900\" src=\"https:\/\/casa-sarda.it\/wp-content\/uploads\/2023\/03\/Carloforte-Cala-Mezzaluna.jpg\" class=\"attachment-2048x2048 size-2048x2048 wp-image-39763\" alt=\"\" srcset=\"https:\/\/casa-sarda.it\/wp-content\/uploads\/2023\/03\/Carloforte-Cala-Mezzaluna.jpg 1920w, https:\/\/casa-sarda.it\/wp-content\/uploads\/2023\/03\/Carloforte-Cala-Mezzaluna-300x141.jpg 300w, https:\/\/casa-sarda.it\/wp-content\/uploads\/2023\/03\/Carloforte-Cala-Mezzaluna-1024x480.jpg 1024w, https:\/\/casa-sarda.it\/wp-content\/uploads\/2023\/03\/Carloforte-Cala-Mezzaluna-768x360.jpg 768w, https:\/\/casa-sarda.it\/wp-content\/uploads\/2023\/03\/Carloforte-Cala-Mezzaluna-1536x720.jpg 1536w\" sizes=\"auto, (max-width: 1920px) 100vw, 1920px\" \/>\t\t\t\t\t\t\t\t\t\t\t\t\t\t\t<\/div>\n\t\t\t\t<\/div>\n\t\t\t\t\t<\/div>\n\t\t<\/div>\n\t\t\t\t\t\t\t<\/div>\n\t\t<\/section>\n\t\t\t\t<section class=\"elementor-section elementor-top-section elementor-element elementor-element-3ece2a3 elementor-section-boxed elementor-section-height-default elementor-section-height-default\" data-id=\"3ece2a3\" data-element_type=\"section\">\n\t\t\t\t\t\t<div class=\"elementor-container elementor-column-gap-default\">\n\t\t\t\t\t<div class=\"elementor-column elementor-col-100 elementor-top-column elementor-element elementor-element-69fc8fb\" data-id=\"69fc8fb\" data-element_type=\"column\">\n\t\t\t<div class=\"elementor-widget-wrap elementor-element-populated\">\n\t\t\t\t\t\t\t\t<div class=\"elementor-element elementor-element-6ee1b25 elementor-widget elementor-widget-spacer\" data-id=\"6ee1b25\" data-element_type=\"widget\" data-widget_type=\"spacer.default\">\n\t\t\t\t<div class=\"elementor-widget-container\">\n\t\t\t\t\t<div class=\"elementor-spacer\">\n\t\t\t<div class=\"elementor-spacer-inner\"><\/div>\n\t\t<\/div>\n\t\t\t\t<\/div>\n\t\t\t\t<\/div>\n\t\t\t\t\t<\/div>\n\t\t<\/div>\n\t\t\t\t\t\t\t<\/div>\n\t\t<\/section>\n\t\t\t\t<section class=\"elementor-section elementor-top-section elementor-element elementor-element-4067e49 elementor-section-full_width elementor-section-content-top elementor-section-height-default elementor-section-height-default\" data-id=\"4067e49\" data-element_type=\"section\" data-settings=\"{&quot;background_background&quot;:&quot;classic&quot;}\">\n\t\t\t\t\t\t<div class=\"elementor-container elementor-column-gap-wide\">\n\t\t\t\t\t<div class=\"elementor-column elementor-col-50 elementor-top-column elementor-element elementor-element-3040b7a\" data-id=\"3040b7a\" data-element_type=\"column\" data-settings=\"{&quot;background_background&quot;:&quot;classic&quot;}\">\n\t\t\t<div class=\"elementor-widget-wrap elementor-element-populated\">\n\t\t\t\t\t\t\t\t<div class=\"elementor-element elementor-element-abe4e41 elementor-widget elementor-widget-image\" data-id=\"abe4e41\" data-element_type=\"widget\" data-widget_type=\"image.default\">\n\t\t\t\t<div class=\"elementor-widget-container\">\n\t\t\t\t\t\t\t\t\t\t\t\t\t\t\t<img loading=\"lazy\" decoding=\"async\" width=\"900\" height=\"675\" src=\"https:\/\/casa-sarda.it\/wp-content\/uploads\/2023\/03\/golfo-del-leone.jpg\" class=\"attachment-large size-large wp-image-39764\" alt=\"\" srcset=\"https:\/\/casa-sarda.it\/wp-content\/uploads\/2023\/03\/golfo-del-leone.jpg 900w, https:\/\/casa-sarda.it\/wp-content\/uploads\/2023\/03\/golfo-del-leone-300x225.jpg 300w, https:\/\/casa-sarda.it\/wp-content\/uploads\/2023\/03\/golfo-del-leone-768x576.jpg 768w\" sizes=\"auto, (max-width: 900px) 100vw, 900px\" \/>\t\t\t\t\t\t\t\t\t\t\t\t\t\t\t<\/div>\n\t\t\t\t<\/div>\n\t\t\t\t<div class=\"elementor-element elementor-element-853ec6e elementor-widget elementor-widget-image\" data-id=\"853ec6e\" data-element_type=\"widget\" data-widget_type=\"image.default\">\n\t\t\t\t<div class=\"elementor-widget-container\">\n\t\t\t\t\t\t\t\t\t\t\t\t\t\t\t<img loading=\"lazy\" decoding=\"async\" width=\"900\" height=\"675\" src=\"https:\/\/casa-sarda.it\/wp-content\/uploads\/2023\/03\/surf-e-boat.jpg\" class=\"attachment-large size-large wp-image-39771\" alt=\"\" srcset=\"https:\/\/casa-sarda.it\/wp-content\/uploads\/2023\/03\/surf-e-boat.jpg 900w, https:\/\/casa-sarda.it\/wp-content\/uploads\/2023\/03\/surf-e-boat-300x225.jpg 300w, https:\/\/casa-sarda.it\/wp-content\/uploads\/2023\/03\/surf-e-boat-768x576.jpg 768w\" sizes=\"auto, (max-width: 900px) 100vw, 900px\" \/>\t\t\t\t\t\t\t\t\t\t\t\t\t\t\t<\/div>\n\t\t\t\t<\/div>\n\t\t\t\t\t<\/div>\n\t\t<\/div>\n\t\t\t\t<div class=\"elementor-column elementor-col-50 elementor-top-column elementor-element elementor-element-7fb82d2\" data-id=\"7fb82d2\" data-element_type=\"column\">\n\t\t\t<div class=\"elementor-widget-wrap elementor-element-populated\">\n\t\t\t\t\t\t\t\t<div class=\"elementor-element elementor-element-6fdcac4 elementor-widget elementor-widget-text-editor\" data-id=\"6fdcac4\" data-element_type=\"widget\" data-widget_type=\"text-editor.default\">\n\t\t\t\t<div class=\"elementor-widget-container\">\n\t\t\t\t\t\t\t<div class=\"wpb_text_column wpb_content_element \"><div class=\"wpb_wrapper\"><h2>Natur<\/h2><\/div><\/div><p>Eine au\u00dfergew\u00f6hnliche Vielfalt an kleinen Landschaften, vom Hinterland bis zur K\u00fcste: Sulcis Iglesiente, das ideale Ziel zu jeder Jahreszeit f\u00fcr einen Urlaub voller Sport, Natur, Freiheit und Abenteuer.<br \/><br \/>Routen, die sich durch Traumw\u00e4lder, Minen und alte H\u00e4fen, spektakul\u00e4re Wasserf\u00e4lle, hohe K\u00fcstengebiete, Sandd\u00fcnen und Feuchtgebiete mit einem reichen Vogelleben schl\u00e4ngeln.<br \/>Dem leidenschaftlichen Wanderer beschert das Sulcis Iglesiente Gebiet immer wieder starke Emotionen und neue Eindr\u00fccke.<br \/><br \/>Das Sulcis Iglesiente, eine authentische Enzyklop\u00e4die der Erde, ist heute eine privilegierte Beobachtungsstelle f\u00fcr relevante wissenschaftliche und \u00f6kologische Aspekte. Hier wird die ganze Vielfalt eines ganzen Kontinentes, der erforscht werden soll, unterirdisch.. sowie an der Oberfl\u00e4che und entlang der K\u00fcsten dargeboten.<br \/><br \/>Eine Herausforderung bis zum letzten Atemzug. Im Sulcis Iglesiente bestimmt der Wind die Regeln und verwandelt das Meer in eine ideale B\u00fchne f\u00fcr Wassersportliebhaber. Zwischen Himmel und Meer, zwischen dem Charme und Adrenalin eines Spiels gegen die Kraft der Natur.<br \/><br \/>In der Vergangenheit war es ein Wahlziel f\u00fcr die V\u00f6lker, Sardinien zu erobern, heute ein Treffpunkt f\u00fcr Meeresliebhaber. Segeln entlang der K\u00fcsten von Sulcis, Iglesiente, zwischen Fjorden und Buchten auf den Inseln Sant\u2019Antioco und Carloforte, ist immer eine sch\u00f6ne Entdeckung und unvergessliches Naturschauspiel.<br \/><br \/><\/p>\t\t\t\t\t\t<\/div>\n\t\t\t\t<\/div>\n\t\t\t\t\t<\/div>\n\t\t<\/div>\n\t\t\t\t\t\t\t<\/div>\n\t\t<\/section>\n\t\t\t\t<section class=\"elementor-section elementor-top-section elementor-element elementor-element-6a60f69 elementor-section-boxed elementor-section-height-default elementor-section-height-default\" data-id=\"6a60f69\" data-element_type=\"section\">\n\t\t\t\t\t\t<div class=\"elementor-container elementor-column-gap-default\">\n\t\t\t\t\t<div class=\"elementor-column elementor-col-100 elementor-top-column elementor-element elementor-element-0552bfa\" data-id=\"0552bfa\" data-element_type=\"column\">\n\t\t\t<div class=\"elementor-widget-wrap elementor-element-populated\">\n\t\t\t\t\t\t\t\t<div class=\"elementor-element elementor-element-b22f83a elementor-widget elementor-widget-spacer\" data-id=\"b22f83a\" data-element_type=\"widget\" data-widget_type=\"spacer.default\">\n\t\t\t\t<div class=\"elementor-widget-container\">\n\t\t\t\t\t<div class=\"elementor-spacer\">\n\t\t\t<div class=\"elementor-spacer-inner\"><\/div>\n\t\t<\/div>\n\t\t\t\t<\/div>\n\t\t\t\t<\/div>\n\t\t\t\t\t<\/div>\n\t\t<\/div>\n\t\t\t\t\t\t\t<\/div>\n\t\t<\/section>\n\t\t\t\t<section class=\"elementor-section elementor-top-section elementor-element elementor-element-5e0a8bb elementor-section-content-middle elementor-section-full_width elementor-section-height-default elementor-section-height-default\" data-id=\"5e0a8bb\" data-element_type=\"section\">\n\t\t\t\t\t\t<div class=\"elementor-container elementor-column-gap-wide\">\n\t\t\t\t\t<div class=\"elementor-column elementor-col-50 elementor-top-column elementor-element elementor-element-cf668f0\" data-id=\"cf668f0\" data-element_type=\"column\">\n\t\t\t<div class=\"elementor-widget-wrap elementor-element-populated\">\n\t\t\t\t\t\t\t\t<div class=\"elementor-element elementor-element-5fa7a99 elementor-widget elementor-widget-image\" data-id=\"5fa7a99\" data-element_type=\"widget\" data-widget_type=\"image.default\">\n\t\t\t\t<div class=\"elementor-widget-container\">\n\t\t\t\t\t\t\t\t\t\t\t\t\t\t\t<img loading=\"lazy\" decoding=\"async\" width=\"900\" height=\"675\" src=\"https:\/\/casa-sarda.it\/wp-content\/uploads\/2023\/03\/Iglesias-Settimana-Santa.jpg\" class=\"attachment-large size-large wp-image-39765\" alt=\"\" srcset=\"https:\/\/casa-sarda.it\/wp-content\/uploads\/2023\/03\/Iglesias-Settimana-Santa.jpg 900w, https:\/\/casa-sarda.it\/wp-content\/uploads\/2023\/03\/Iglesias-Settimana-Santa-300x225.jpg 300w, https:\/\/casa-sarda.it\/wp-content\/uploads\/2023\/03\/Iglesias-Settimana-Santa-768x576.jpg 768w\" sizes=\"auto, (max-width: 900px) 100vw, 900px\" \/>\t\t\t\t\t\t\t\t\t\t\t\t\t\t\t<\/div>\n\t\t\t\t<\/div>\n\t\t\t\t<div class=\"elementor-element elementor-element-9678200 elementor-widget elementor-widget-image\" data-id=\"9678200\" data-element_type=\"widget\" data-widget_type=\"image.default\">\n\t\t\t\t<div class=\"elementor-widget-container\">\n\t\t\t\t\t\t\t\t\t\t\t\t\t\t\t<img loading=\"lazy\" decoding=\"async\" width=\"900\" height=\"675\" src=\"https:\/\/casa-sarda.it\/wp-content\/uploads\/2023\/03\/Gonnesa-Nuraghe-seruci.jpg\" class=\"attachment-large size-large wp-image-39769\" alt=\"\" srcset=\"https:\/\/casa-sarda.it\/wp-content\/uploads\/2023\/03\/Gonnesa-Nuraghe-seruci.jpg 900w, https:\/\/casa-sarda.it\/wp-content\/uploads\/2023\/03\/Gonnesa-Nuraghe-seruci-300x225.jpg 300w, https:\/\/casa-sarda.it\/wp-content\/uploads\/2023\/03\/Gonnesa-Nuraghe-seruci-768x576.jpg 768w\" sizes=\"auto, (max-width: 900px) 100vw, 900px\" \/>\t\t\t\t\t\t\t\t\t\t\t\t\t\t\t<\/div>\n\t\t\t\t<\/div>\n\t\t\t\t<div class=\"elementor-element elementor-element-8249322 elementor-widget elementor-widget-spacer\" data-id=\"8249322\" data-element_type=\"widget\" data-widget_type=\"spacer.default\">\n\t\t\t\t<div class=\"elementor-widget-container\">\n\t\t\t\t\t<div class=\"elementor-spacer\">\n\t\t\t<div class=\"elementor-spacer-inner\"><\/div>\n\t\t<\/div>\n\t\t\t\t<\/div>\n\t\t\t\t<\/div>\n\t\t\t\t\t<\/div>\n\t\t<\/div>\n\t\t\t\t<div class=\"elementor-column elementor-col-50 elementor-top-column elementor-element elementor-element-912dd4b\" data-id=\"912dd4b\" data-element_type=\"column\">\n\t\t\t<div class=\"elementor-widget-wrap elementor-element-populated\">\n\t\t\t\t\t\t\t\t<div class=\"elementor-element elementor-element-1639762 elementor-widget elementor-widget-text-editor\" data-id=\"1639762\" data-element_type=\"widget\" data-widget_type=\"text-editor.default\">\n\t\t\t\t<div class=\"elementor-widget-container\">\n\t\t\t\t\t\t\t<div class=\"wpb_text_column wpb_content_element \"><div class=\"wpb_wrapper\"><div class=\"wpb_text_column wpb_content_element \"><div class=\"wpb_wrapper\"><h2>Kultur<\/h2><\/div><\/div><div class=\"wpb_text_column wpb_content_element \"><div class=\"wpb_wrapper\"><p>Faszinierende arch\u00e4ologische St\u00e4tten, beeindruckende Minen, bezaubernde Kultst\u00e4tten und \u00fcberraschende Kunstsammlungen. Das Sulcis Iglesiente Gebiet enth\u00e4lt in seinem alten Herzen Sch\u00e4tze und Zeugnisse vergangener Zivilisationen, die das ganze Jahr \u00fcber besucht werden k\u00f6nnen.<br \/>Das umfangreichste und wichtigste Bergbaugebiet in Italien f\u00fcr Vielfalt und Verbreitung. Die Minen zeigen das Erbe von Jahrhunderten des wissenschaftlichen und architektonischen Genies der Umgebung auf, sowie der sozialen und kulturellen Transformation von den Ph\u00f6niziern bis zum zwanzigsten Jahrhundert. Interessante kulturelle Erfahrungen, die von einer reichen Geschichte zeugen. Sie schl\u00e4ngeln sich durch St\u00e4tten und arch\u00e4ologischen Funde, die Katakomben, Tempel, tofet, Nuraghen, Feenh\u00e4user: die sogenannten \u201cdomus de Janas\u201d, historischen Zentren von klaren mittelalterlichen Einfluss, Savoyen, Katalanisch, Rationalisten.<br \/>Die Orte des t\u00e4glichen Lebens, des Tuns, der materiellen Kultur. Das Sulcis Iglesiente Gebiet erz\u00e4hlt, durch Ausstellungen in alten l\u00e4ndlichen H\u00e4usern, Lagerh\u00e4usern und Bergwerken, seine alten Traditionen und seine Leidenschaft f\u00fcr Kunst. Sie k\u00f6nnen Bergwerke und Tropfsteinh\u00f6hlen besuchen.<br \/>Die Wiege des Christentums in Sardinien, heute ein Ziel f\u00fcr Pilgerfahrten, Spiritualit\u00e4t und Fr\u00f6mmigkeit.<br \/>Das Sulcis Iglesiente Gebiet erkl\u00e4rt sich durch seine vielen faszinierenden Orte des Glaubens. Es gibt zahlreiche k\u00fcnstlerische und kulturelle Denkm\u00e4ler.<\/p><\/div><\/div><\/div><\/div>\t\t\t\t\t\t<\/div>\n\t\t\t\t<\/div>\n\t\t\t\t\t<\/div>\n\t\t<\/div>\n\t\t\t\t\t\t\t<\/div>\n\t\t<\/section>\n\t\t\t\t<section class=\"elementor-section elementor-top-section elementor-element elementor-element-06485d6 elementor-section-full_width elementor-section-content-middle elementor-section-height-default elementor-section-height-default\" data-id=\"06485d6\" data-element_type=\"section\" data-settings=\"{&quot;background_background&quot;:&quot;classic&quot;}\">\n\t\t\t\t\t\t<div class=\"elementor-container elementor-column-gap-wide\">\n\t\t\t\t\t<div class=\"elementor-column elementor-col-50 elementor-top-column elementor-element elementor-element-2516670\" data-id=\"2516670\" data-element_type=\"column\">\n\t\t\t<div class=\"elementor-widget-wrap elementor-element-populated\">\n\t\t\t\t\t\t\t\t<div class=\"elementor-element elementor-element-09cb7a5 elementor-widget elementor-widget-image\" data-id=\"09cb7a5\" data-element_type=\"widget\" data-widget_type=\"image.default\">\n\t\t\t\t<div class=\"elementor-widget-container\">\n\t\t\t\t\t\t\t\t\t\t\t\t\t\t\t<img loading=\"lazy\" decoding=\"async\" width=\"900\" height=\"675\" src=\"https:\/\/casa-sarda.it\/wp-content\/uploads\/2023\/03\/Arrampicata.jpg\" class=\"attachment-large size-large wp-image-39768\" alt=\"\" srcset=\"https:\/\/casa-sarda.it\/wp-content\/uploads\/2023\/03\/Arrampicata.jpg 900w, https:\/\/casa-sarda.it\/wp-content\/uploads\/2023\/03\/Arrampicata-300x225.jpg 300w, https:\/\/casa-sarda.it\/wp-content\/uploads\/2023\/03\/Arrampicata-768x576.jpg 768w\" sizes=\"auto, (max-width: 900px) 100vw, 900px\" \/>\t\t\t\t\t\t\t\t\t\t\t\t\t\t\t<\/div>\n\t\t\t\t<\/div>\n\t\t\t\t\t<\/div>\n\t\t<\/div>\n\t\t\t\t<div class=\"elementor-column elementor-col-50 elementor-top-column elementor-element elementor-element-01f4685\" data-id=\"01f4685\" data-element_type=\"column\">\n\t\t\t<div class=\"elementor-widget-wrap elementor-element-populated\">\n\t\t\t\t\t\t\t\t<div class=\"elementor-element elementor-element-eaa96dc elementor-widget elementor-widget-text-editor\" data-id=\"eaa96dc\" data-element_type=\"widget\" data-widget_type=\"text-editor.default\">\n\t\t\t\t<div class=\"elementor-widget-container\">\n\t\t\t\t\t\t\t<div class=\"wpb_text_column wpb_content_element \"><div class=\"wpb_wrapper\"><h2>ACTIVURLAUB<\/h2><h4>Segeln, Windsurfen und Kitesurfen, Klettern, Mountainbiken, Trekking<br \/>Hippoturismus, H\u00f6hlenkunde, Geologie, Vogelbeobachtung\u00a0Food &amp; Wine.<\/h4><p>Es gibt zahlreiche Kletterspots im Sulcis Gebiet: <br \/>Masua, Domusnovas, Capo Carbonara (Villasimius); \u2013 Carloforte (Sulcis); \u2013 Nuxis (Sulcis) \u2013 Gutturu Pala (Iglesiente);\u00a0 \u2013 Masua (Iglesiente);\u00a0 \u2013 Cala Domestica (Iglesiente);\u00a0 \u2013 Pranu Sartu (Iglesiente); \u2013 San Nicol\u00f2 (Iglesiente); \u2013 Capo Pecora (Iglesiente); \u2013 Torre Cinzia (Villacidro);<\/p><\/div><\/div>\t\t\t\t\t\t<\/div>\n\t\t\t\t<\/div>\n\t\t\t\t\t<\/div>\n\t\t<\/div>\n\t\t\t\t\t\t\t<\/div>\n\t\t<\/section>\n\t\t\t\t<section class=\"elementor-section elementor-top-section elementor-element elementor-element-9bc3d77 elementor-section-boxed elementor-section-height-default elementor-section-height-default\" data-id=\"9bc3d77\" data-element_type=\"section\">\n\t\t\t\t\t\t<div class=\"elementor-container elementor-column-gap-default\">\n\t\t\t\t\t<div class=\"elementor-column elementor-col-100 elementor-top-column elementor-element elementor-element-d0bde0f\" data-id=\"d0bde0f\" data-element_type=\"column\">\n\t\t\t<div class=\"elementor-widget-wrap elementor-element-populated\">\n\t\t\t\t\t\t\t\t<div class=\"elementor-element elementor-element-bd46bee elementor-widget elementor-widget-spacer\" data-id=\"bd46bee\" data-element_type=\"widget\" data-widget_type=\"spacer.default\">\n\t\t\t\t<div class=\"elementor-widget-container\">\n\t\t\t\t\t<div class=\"elementor-spacer\">\n\t\t\t<div class=\"elementor-spacer-inner\"><\/div>\n\t\t<\/div>\n\t\t\t\t<\/div>\n\t\t\t\t<\/div>\n\t\t\t\t\t<\/div>\n\t\t<\/div>\n\t\t\t\t\t\t\t<\/div>\n\t\t<\/section>\n\t\t\t\t<section class=\"elementor-section elementor-top-section elementor-element elementor-element-4a8acec elementor-section-content-middle elementor-section-full_width elementor-section-height-default elementor-section-height-default\" data-id=\"4a8acec\" data-element_type=\"section\">\n\t\t\t\t\t\t<div class=\"elementor-container elementor-column-gap-wide\">\n\t\t\t\t\t<div class=\"elementor-column elementor-col-50 elementor-top-column elementor-element elementor-element-4c4a10d\" data-id=\"4c4a10d\" data-element_type=\"column\">\n\t\t\t<div class=\"elementor-widget-wrap elementor-element-populated\">\n\t\t\t\t\t\t\t\t<div class=\"elementor-element elementor-element-1e9d21c elementor-widget elementor-widget-image\" data-id=\"1e9d21c\" data-element_type=\"widget\" data-widget_type=\"image.default\">\n\t\t\t\t<div class=\"elementor-widget-container\">\n\t\t\t\t\t\t\t\t\t\t\t\t\t\t\t<img loading=\"lazy\" decoding=\"async\" width=\"900\" height=\"675\" src=\"https:\/\/casa-sarda.it\/wp-content\/uploads\/2023\/03\/sebadas.jpg\" class=\"attachment-large size-large wp-image-39770\" alt=\"\" srcset=\"https:\/\/casa-sarda.it\/wp-content\/uploads\/2023\/03\/sebadas.jpg 900w, https:\/\/casa-sarda.it\/wp-content\/uploads\/2023\/03\/sebadas-300x225.jpg 300w, https:\/\/casa-sarda.it\/wp-content\/uploads\/2023\/03\/sebadas-768x576.jpg 768w\" sizes=\"auto, (max-width: 900px) 100vw, 900px\" \/>\t\t\t\t\t\t\t\t\t\t\t\t\t\t\t<\/div>\n\t\t\t\t<\/div>\n\t\t\t\t\t<\/div>\n\t\t<\/div>\n\t\t\t\t<div class=\"elementor-column elementor-col-50 elementor-top-column elementor-element elementor-element-a3c7744\" data-id=\"a3c7744\" data-element_type=\"column\">\n\t\t\t<div class=\"elementor-widget-wrap elementor-element-populated\">\n\t\t\t\t\t\t\t\t<div class=\"elementor-element elementor-element-077bea4 elementor-widget elementor-widget-text-editor\" data-id=\"077bea4\" data-element_type=\"widget\" data-widget_type=\"text-editor.default\">\n\t\t\t\t<div class=\"elementor-widget-container\">\n\t\t\t\t\t\t\t<div class=\"wpb_text_column wpb_content_element \">\n<div class=\"wpb_wrapper\">\n<div class=\"wpb_text_column wpb_content_element \">\n<div class=\"wpb_wrapper\">\n<div class=\"wpb_text_column wpb_content_element \">\n<div class=\"wpb_wrapper\">\n<h3>Essen und Wein<\/h3>\n<\/div>\n<\/div>\n<div class=\"wpb_text_column wpb_content_element \">\n<div class=\"wpb_wrapper\">\n<p>Qualit\u00e4t, Tradition, Forschung, Innovation. Dies sind die Zutaten, die die Lebensmittel- und Weinprodukte der Sulcis Iglesiente zu wahren Meisterwerken machen. Und die Leidenschaft und der Respekt unserer Produzenten f\u00fcr das Land, das Meer und die Geschichte dieser Orte runden jedes Werk perfekt ab.<br>Eine ausgezeichnete K\u00fcche, ausgezeichnete Rezepte, die den Duft des Meeres, die Aromen und Geheimnisse der Erde verbinden, mit unerwarteten arabischen Aromen und dem Einfluss von Ligurien, Piemont und der Ethno Gastronomie. Ein aussergew\u00f6hnliches pures Vergn\u00fcgen bevorzugt in Gesellschaft genossen! Man findet Flaschen von hoher Auszeichnung, Liebhaber-Produktionen von kleinen Weing\u00e4rten, Barriques und Destillate, Keller-Museum und gastfreundliche Betreiber. Vom Sulcis Wein finden sie in einem Glas vereint: unendliche Schattierungen und intensives Bouquet, Leidenschaft und Tradition, Liebe und Einfachheit, der Wind weht, den Tau\u2026vermischt mit dem Sand findet man auch heute noch auf unseren Reben.<br>Erfahrene Handwerker, die Ton-, Holz-, Kork-, Kupfer-, Silber- und Edelgarne verarbeiten und veredeln und sie bis ins kleinste Detail pflegen. Wirkliche Kunstwerke, die jeden Tag f\u00fcr einen Einkauf gesammelt oder genutzt werden, der in jedem Objekt die Authentizit\u00e4t von Sulcis Iglesiente und seiner wahren Seele verleiht.<\/p>\n<\/div>\n<\/div>\n<\/div>\n<\/div>\n<\/div>\n<\/div>\t\t\t\t\t\t<\/div>\n\t\t\t\t<\/div>\n\t\t\t\t\t<\/div>\n\t\t<\/div>\n\t\t\t\t\t\t\t<\/div>\n\t\t<\/section>\n\t\t\t\t<section class=\"elementor-section elementor-top-section elementor-element elementor-element-9aa4b7f elementor-section-boxed elementor-section-height-default elementor-section-height-default\" data-id=\"9aa4b7f\" data-element_type=\"section\">\n\t\t\t\t\t\t<div class=\"elementor-container elementor-column-gap-default\">\n\t\t\t\t\t<div class=\"elementor-column elementor-col-100 elementor-top-column elementor-element elementor-element-0789f5f\" data-id=\"0789f5f\" data-element_type=\"column\">\n\t\t\t<div class=\"elementor-widget-wrap elementor-element-populated\">\n\t\t\t\t\t\t\t\t<div class=\"elementor-element elementor-element-2327eb7 elementor-widget elementor-widget-spacer\" data-id=\"2327eb7\" data-element_type=\"widget\" data-widget_type=\"spacer.default\">\n\t\t\t\t<div class=\"elementor-widget-container\">\n\t\t\t\t\t<div class=\"elementor-spacer\">\n\t\t\t<div class=\"elementor-spacer-inner\"><\/div>\n\t\t<\/div>\n\t\t\t\t<\/div>\n\t\t\t\t<\/div>\n\t\t\t\t\t<\/div>\n\t\t<\/div>\n\t\t\t\t\t\t\t<\/div>\n\t\t<\/section>\n\t\t\t\t<section class=\"elementor-section elementor-top-section elementor-element elementor-element-e62ab0f elementor-section-full_width elementor-section-content-middle elementor-section-height-default elementor-section-height-default\" data-id=\"e62ab0f\" data-element_type=\"section\" data-settings=\"{&quot;background_background&quot;:&quot;classic&quot;}\">\n\t\t\t\t\t\t<div class=\"elementor-container elementor-column-gap-wide\">\n\t\t\t\t\t<div class=\"elementor-column elementor-col-50 elementor-top-column elementor-element elementor-element-dad1cbd\" data-id=\"dad1cbd\" data-element_type=\"column\">\n\t\t\t<div class=\"elementor-widget-wrap elementor-element-populated\">\n\t\t\t\t\t\t\t\t<div class=\"elementor-element elementor-element-2f7e122 elementor-widget elementor-widget-image\" data-id=\"2f7e122\" data-element_type=\"widget\" data-widget_type=\"image.default\">\n\t\t\t\t<div class=\"elementor-widget-container\">\n\t\t\t\t\t\t\t\t\t\t\t\t\t\t\t<img loading=\"lazy\" decoding=\"async\" width=\"900\" height=\"675\" src=\"https:\/\/casa-sarda.it\/wp-content\/uploads\/2023\/03\/Masua-Porto-Flavia.jpg\" class=\"attachment-large size-large wp-image-39983\" alt=\"\" srcset=\"https:\/\/casa-sarda.it\/wp-content\/uploads\/2023\/03\/Masua-Porto-Flavia.jpg 900w, https:\/\/casa-sarda.it\/wp-content\/uploads\/2023\/03\/Masua-Porto-Flavia-300x225.jpg 300w, https:\/\/casa-sarda.it\/wp-content\/uploads\/2023\/03\/Masua-Porto-Flavia-768x576.jpg 768w\" sizes=\"auto, (max-width: 900px) 100vw, 900px\" \/>\t\t\t\t\t\t\t\t\t\t\t\t\t\t\t<\/div>\n\t\t\t\t<\/div>\n\t\t\t\t\t<\/div>\n\t\t<\/div>\n\t\t\t\t<div class=\"elementor-column elementor-col-50 elementor-top-column elementor-element elementor-element-b60e6f3\" data-id=\"b60e6f3\" data-element_type=\"column\">\n\t\t\t<div class=\"elementor-widget-wrap elementor-element-populated\">\n\t\t\t\t\t\t\t\t<div class=\"elementor-element elementor-element-698ec9b elementor-widget elementor-widget-text-editor\" data-id=\"698ec9b\" data-element_type=\"widget\" data-widget_type=\"text-editor.default\">\n\t\t\t\t<div class=\"elementor-widget-container\">\n\t\t\t\t\t\t\t<div class=\"wpb_text_column wpb_content_element \"><div class=\"wpb_wrapper\"><h2>Feste und Veranstaltungen<\/h2><p>Veranstaltungen, die alle Sinne mit einbeziehen und mit ihrer Magie faszinieren. Bei den Veranstaltungen im Sulcis Iglesiente Gebiet vermischen sich allj\u00e4hrlich die alten und die modernen Elemente, die gekonnt lokale Traditionen, Heiligkeit, mediterrane Einfl\u00fcsse und kontinentale Inspiration miteinander verbinden. Ein suggestives Mosaik von Archaismen. Die religi\u00f6sen Veranstaltungen und Patronatsfeste des Sulcis Iglesiente zeugen von jahrhundertelanger spiritueller Tradition, die in Riten von gro\u00dfer Faszination geschichtet ist: von den \u00e4ltesten religi\u00f6sen Feiern der Insel bis zu den heiligen Oster-Darstellungen mit stark spanischer Pr\u00e4gung. Jazz, Blues, klassische Melodien und lateinamerikanische Rhythmen: Die musikalischen Veranstaltungen von Sulcis Iglesiente gewinnen jedes Jahr alle Fans. Events an eindrucksvollen Orten, darunter Nuraghen, Minen und Tempel, umgeben vom Duft des Meeres und der Unendlichkeit des Sternenhimmels. Die Veranstaltungen und enogastronomischen Veranstaltungen von Sulcis Iglesiente bieten endlose und \u00fcberraschende Nuancen der mediterranen K\u00fcche. Arabische, ligurische, spanische und piemontesische Verunreinigungen \u00fcberraschen selbst die anspruchsvollsten Feinschmecker. Ein reichhaltiger Kalender mit kulturellen Aktivit\u00e4ten, Ausstellungen, M\u00e4rkten, Shows und Sportwettbewerben. Das Sulcis Iglesiente Gebiet bietet viele und interessante M\u00f6glichkeiten f\u00fcr diejenigen, die gerne Orte leben, auch durch Veranstaltungen, in denen Wissen, Kultur, Traditionen und Leidenschaften miteinander verbunden sind.<\/p><\/div><\/div>\t\t\t\t\t\t<\/div>\n\t\t\t\t<\/div>\n\t\t\t\t\t<\/div>\n\t\t<\/div>\n\t\t\t\t\t\t\t<\/div>\n\t\t<\/section>\n\t\t\t\t\t\t\t<\/div>\n\t\t","protected":false},"excerpt":{"rendered":"<p>SULCIS IGLESIENTE GEBIET ENTDECKEN SIE DEN UNBEKANNTEN S\u00dcD-WESTEN SARDINIENS Endlos lange weisse Sandstr\u00e4nde, hohe D\u00fcnen und bl\u00fchende Pinienw\u00e4lder wechseln sich ab mit imposanten Steilk\u00fcsten und urige Waldlandschaften und Oliveng\u00e4rten. Das Sulcis Iglesiente Gebiet ist noch wenig bekannt und ein idealer Mix f\u00fcr Individulaurlauber, die das urspr\u00fcngliche Sardinien suchen \u2013 sowie f\u00fcr Familien, die Wert auf &#8230;<\/p>\n","protected":false},"author":2,"featured_media":0,"parent":0,"menu_order":0,"comment_status":"closed","ping_status":"closed","template":"","meta":{"inline_featured_image":false,"footnotes":""},"class_list":["post-39760","page","type-page","status-publish","hentry"],"yoast_head":"<!-- This site is optimized with the Yoast SEO plugin v27.3 - https:\/\/yoast.com\/product\/yoast-seo-wordpress\/ -->\n<title>Das Gebiet - Casa Sarda<\/title>\n<meta name=\"robots\" content=\"index, follow, max-snippet:-1, max-image-preview:large, max-video-preview:-1\" \/>\n<link rel=\"canonical\" href=\"https:\/\/casa-sarda.it\/?page_id=39760\" \/>\n<meta property=\"og:locale\" content=\"it_IT\" \/>\n<meta property=\"og:type\" content=\"article\" \/>\n<meta property=\"og:title\" content=\"Das Gebiet - Casa Sarda\" \/>\n<meta property=\"og:description\" content=\"SULCIS IGLESIENTE GEBIET ENTDECKEN SIE DEN UNBEKANNTEN S\u00dcD-WESTEN SARDINIENS Endlos lange weisse Sandstr\u00e4nde, hohe D\u00fcnen und bl\u00fchende Pinienw\u00e4lder wechseln sich ab mit imposanten Steilk\u00fcsten und urige Waldlandschaften und Oliveng\u00e4rten. Das Sulcis Iglesiente Gebiet ist noch wenig bekannt und ein idealer Mix f\u00fcr Individulaurlauber, die das urspr\u00fcngliche Sardinien suchen \u2013 sowie f\u00fcr Familien, die Wert auf ...\" \/>\n<meta property=\"og:url\" content=\"https:\/\/casa-sarda.it\/?page_id=39760\" \/>\n<meta property=\"og:site_name\" content=\"Casa Sarda\" \/>\n<meta property=\"article:modified_time\" content=\"2023-04-16T07:01:36+00:00\" \/>\n<meta property=\"og:image\" content=\"https:\/\/casa-sarda.it\/wp-content\/uploads\/2023\/03\/Cala-Domestica.jpg\" \/>\n<meta name=\"twitter:card\" content=\"summary_large_image\" \/>\n<meta name=\"twitter:label1\" content=\"Tempo di lettura stimato\" \/>\n\t<meta name=\"twitter:data1\" content=\"5 minuti\" \/>\n<script type=\"application\/ld+json\" class=\"yoast-schema-graph\">{\"@context\":\"https:\\\/\\\/schema.org\",\"@graph\":[{\"@type\":\"WebPage\",\"@id\":\"https:\\\/\\\/casa-sarda.it\\\/?page_id=39760\",\"url\":\"https:\\\/\\\/casa-sarda.it\\\/?page_id=39760\",\"name\":\"Das Gebiet - Casa Sarda\",\"isPartOf\":{\"@id\":\"https:\\\/\\\/casa-sarda.it\\\/#website\"},\"primaryImageOfPage\":{\"@id\":\"https:\\\/\\\/casa-sarda.it\\\/?page_id=39760#primaryimage\"},\"image\":{\"@id\":\"https:\\\/\\\/casa-sarda.it\\\/?page_id=39760#primaryimage\"},\"thumbnailUrl\":\"https:\\\/\\\/casa-sarda.it\\\/wp-content\\\/uploads\\\/2023\\\/03\\\/Cala-Domestica.jpg\",\"datePublished\":\"2023-03-20T20:28:46+00:00\",\"dateModified\":\"2023-04-16T07:01:36+00:00\",\"breadcrumb\":{\"@id\":\"https:\\\/\\\/casa-sarda.it\\\/?page_id=39760#breadcrumb\"},\"inLanguage\":\"it-IT\",\"potentialAction\":[{\"@type\":\"ReadAction\",\"target\":[\"https:\\\/\\\/casa-sarda.it\\\/?page_id=39760\"]}]},{\"@type\":\"ImageObject\",\"inLanguage\":\"it-IT\",\"@id\":\"https:\\\/\\\/casa-sarda.it\\\/?page_id=39760#primaryimage\",\"url\":\"https:\\\/\\\/casa-sarda.it\\\/wp-content\\\/uploads\\\/2023\\\/03\\\/Cala-Domestica.jpg\",\"contentUrl\":\"https:\\\/\\\/casa-sarda.it\\\/wp-content\\\/uploads\\\/2023\\\/03\\\/Cala-Domestica.jpg\",\"width\":900,\"height\":600},{\"@type\":\"BreadcrumbList\",\"@id\":\"https:\\\/\\\/casa-sarda.it\\\/?page_id=39760#breadcrumb\",\"itemListElement\":[{\"@type\":\"ListItem\",\"position\":1,\"name\":\"Home\",\"item\":\"https:\\\/\\\/casa-sarda.it\\\/\"},{\"@type\":\"ListItem\",\"position\":2,\"name\":\"Das Gebiet\"}]},{\"@type\":\"WebSite\",\"@id\":\"https:\\\/\\\/casa-sarda.it\\\/#website\",\"url\":\"https:\\\/\\\/casa-sarda.it\\\/\",\"name\":\"Casa Sarda\",\"description\":\"Ferienunterk\u00fcnfte Sardinien\",\"publisher\":{\"@id\":\"https:\\\/\\\/casa-sarda.it\\\/#organization\"},\"potentialAction\":[{\"@type\":\"SearchAction\",\"target\":{\"@type\":\"EntryPoint\",\"urlTemplate\":\"https:\\\/\\\/casa-sarda.it\\\/?s={search_term_string}\"},\"query-input\":{\"@type\":\"PropertyValueSpecification\",\"valueRequired\":true,\"valueName\":\"search_term_string\"}}],\"inLanguage\":\"it-IT\"},{\"@type\":\"Organization\",\"@id\":\"https:\\\/\\\/casa-sarda.it\\\/#organization\",\"name\":\"Casa Sarda\",\"url\":\"https:\\\/\\\/casa-sarda.it\\\/\",\"logo\":{\"@type\":\"ImageObject\",\"inLanguage\":\"it-IT\",\"@id\":\"https:\\\/\\\/casa-sarda.it\\\/#\\\/schema\\\/logo\\\/image\\\/\",\"url\":\"https:\\\/\\\/casa-sarda.it\\\/wp-content\\\/uploads\\\/2023\\\/03\\\/VACATION_HOUSE_SARDINIA_logoRETINA.png\",\"contentUrl\":\"https:\\\/\\\/casa-sarda.it\\\/wp-content\\\/uploads\\\/2023\\\/03\\\/VACATION_HOUSE_SARDINIA_logoRETINA.png\",\"width\":565,\"height\":300,\"caption\":\"Casa Sarda\"},\"image\":{\"@id\":\"https:\\\/\\\/casa-sarda.it\\\/#\\\/schema\\\/logo\\\/image\\\/\"}}]}<\/script>\n<!-- \/ Yoast SEO plugin. -->","yoast_head_json":{"title":"Das Gebiet - Casa Sarda","robots":{"index":"index","follow":"follow","max-snippet":"max-snippet:-1","max-image-preview":"max-image-preview:large","max-video-preview":"max-video-preview:-1"},"canonical":"https:\/\/casa-sarda.it\/?page_id=39760","og_locale":"it_IT","og_type":"article","og_title":"Das Gebiet - Casa Sarda","og_description":"SULCIS IGLESIENTE GEBIET ENTDECKEN SIE DEN UNBEKANNTEN S\u00dcD-WESTEN SARDINIENS Endlos lange weisse Sandstr\u00e4nde, hohe D\u00fcnen und bl\u00fchende Pinienw\u00e4lder wechseln sich ab mit imposanten Steilk\u00fcsten und urige Waldlandschaften und Oliveng\u00e4rten. Das Sulcis Iglesiente Gebiet ist noch wenig bekannt und ein idealer Mix f\u00fcr Individulaurlauber, die das urspr\u00fcngliche Sardinien suchen \u2013 sowie f\u00fcr Familien, die Wert auf ...","og_url":"https:\/\/casa-sarda.it\/?page_id=39760","og_site_name":"Casa Sarda","article_modified_time":"2023-04-16T07:01:36+00:00","og_image":[{"url":"https:\/\/casa-sarda.it\/wp-content\/uploads\/2023\/03\/Cala-Domestica.jpg","type":"","width":"","height":""}],"twitter_card":"summary_large_image","twitter_misc":{"Tempo di lettura stimato":"5 minuti"},"schema":{"@context":"https:\/\/schema.org","@graph":[{"@type":"WebPage","@id":"https:\/\/casa-sarda.it\/?page_id=39760","url":"https:\/\/casa-sarda.it\/?page_id=39760","name":"Das Gebiet - Casa Sarda","isPartOf":{"@id":"https:\/\/casa-sarda.it\/#website"},"primaryImageOfPage":{"@id":"https:\/\/casa-sarda.it\/?page_id=39760#primaryimage"},"image":{"@id":"https:\/\/casa-sarda.it\/?page_id=39760#primaryimage"},"thumbnailUrl":"https:\/\/casa-sarda.it\/wp-content\/uploads\/2023\/03\/Cala-Domestica.jpg","datePublished":"2023-03-20T20:28:46+00:00","dateModified":"2023-04-16T07:01:36+00:00","breadcrumb":{"@id":"https:\/\/casa-sarda.it\/?page_id=39760#breadcrumb"},"inLanguage":"it-IT","potentialAction":[{"@type":"ReadAction","target":["https:\/\/casa-sarda.it\/?page_id=39760"]}]},{"@type":"ImageObject","inLanguage":"it-IT","@id":"https:\/\/casa-sarda.it\/?page_id=39760#primaryimage","url":"https:\/\/casa-sarda.it\/wp-content\/uploads\/2023\/03\/Cala-Domestica.jpg","contentUrl":"https:\/\/casa-sarda.it\/wp-content\/uploads\/2023\/03\/Cala-Domestica.jpg","width":900,"height":600},{"@type":"BreadcrumbList","@id":"https:\/\/casa-sarda.it\/?page_id=39760#breadcrumb","itemListElement":[{"@type":"ListItem","position":1,"name":"Home","item":"https:\/\/casa-sarda.it\/"},{"@type":"ListItem","position":2,"name":"Das Gebiet"}]},{"@type":"WebSite","@id":"https:\/\/casa-sarda.it\/#website","url":"https:\/\/casa-sarda.it\/","name":"Casa Sarda","description":"Ferienunterk\u00fcnfte Sardinien","publisher":{"@id":"https:\/\/casa-sarda.it\/#organization"},"potentialAction":[{"@type":"SearchAction","target":{"@type":"EntryPoint","urlTemplate":"https:\/\/casa-sarda.it\/?s={search_term_string}"},"query-input":{"@type":"PropertyValueSpecification","valueRequired":true,"valueName":"search_term_string"}}],"inLanguage":"it-IT"},{"@type":"Organization","@id":"https:\/\/casa-sarda.it\/#organization","name":"Casa Sarda","url":"https:\/\/casa-sarda.it\/","logo":{"@type":"ImageObject","inLanguage":"it-IT","@id":"https:\/\/casa-sarda.it\/#\/schema\/logo\/image\/","url":"https:\/\/casa-sarda.it\/wp-content\/uploads\/2023\/03\/VACATION_HOUSE_SARDINIA_logoRETINA.png","contentUrl":"https:\/\/casa-sarda.it\/wp-content\/uploads\/2023\/03\/VACATION_HOUSE_SARDINIA_logoRETINA.png","width":565,"height":300,"caption":"Casa Sarda"},"image":{"@id":"https:\/\/casa-sarda.it\/#\/schema\/logo\/image\/"}}]}},"_links":{"self":[{"href":"https:\/\/casa-sarda.it\/index.php?rest_route=\/wp\/v2\/pages\/39760","targetHints":{"allow":["GET"]}}],"collection":[{"href":"https:\/\/casa-sarda.it\/index.php?rest_route=\/wp\/v2\/pages"}],"about":[{"href":"https:\/\/casa-sarda.it\/index.php?rest_route=\/wp\/v2\/types\/page"}],"author":[{"embeddable":true,"href":"https:\/\/casa-sarda.it\/index.php?rest_route=\/wp\/v2\/users\/2"}],"replies":[{"embeddable":true,"href":"https:\/\/casa-sarda.it\/index.php?rest_route=%2Fwp%2Fv2%2Fcomments&post=39760"}],"version-history":[{"count":12,"href":"https:\/\/casa-sarda.it\/index.php?rest_route=\/wp\/v2\/pages\/39760\/revisions"}],"predecessor-version":[{"id":41261,"href":"https:\/\/casa-sarda.it\/index.php?rest_route=\/wp\/v2\/pages\/39760\/revisions\/41261"}],"wp:attachment":[{"href":"https:\/\/casa-sarda.it\/index.php?rest_route=%2Fwp%2Fv2%2Fmedia&parent=39760"}],"curies":[{"name":"wp","href":"https:\/\/api.w.org\/{rel}","templated":true}]}}